{"id":99,"date":"2023-12-02T23:52:13","date_gmt":"2023-12-02T21:52:13","guid":{"rendered":"https:\/\/manon-mulliez.fr\/?page_id=99"},"modified":"2024-11-08T11:43:20","modified_gmt":"2024-11-08T09:43:20","slug":"ma-vie-gynecologique-et-contraceptive-2","status":"publish","type":"page","link":"https:\/\/manon-mulliez.fr\/index.php\/ma-vie-gynecologique-et-contraceptive-2\/","title":{"rendered":"Un petit bout de mon parcours &#8230;"},"content":{"rendered":"<div class=\"wp-block-image\">\n<figure class=\"aligncenter size-full is-resized\"><img loading=\"lazy\" decoding=\"async\" width=\"960\" height=\"1280\" src=\"https:\/\/manon-mulliez.fr\/wp-content\/uploads\/2024\/11\/PB049081-reduit.jpg\" alt=\"Jolis arbustes vert, rose et jaune\" class=\"wp-image-485\" style=\"width:450px;height:auto\" srcset=\"https:\/\/manon-mulliez.fr\/wp-content\/uploads\/2024\/11\/PB049081-reduit.jpg 960w, https:\/\/manon-mulliez.fr\/wp-content\/uploads\/2024\/11\/PB049081-reduit-225x300.jpg 225w, https:\/\/manon-mulliez.fr\/wp-content\/uploads\/2024\/11\/PB049081-reduit-768x1024.jpg 768w\" sizes=\"auto, (max-width: 960px) 100vw, 960px\" \/><\/figure>\n<\/div>\n\n\n<p><\/p>\n\n\n\n<p class=\"has-text-align-center has-medium-font-size\">\u00c0 18 ans, lors d\u2019un rendez vous de routine m\u00e9dical, un m\u00e9decin me tend une ordonnance pour une pilule contraceptive alors m\u00eame que je n\u2019en avais pas fait la demande. Inscrite en moi l\u2019inqui\u00e9tude d\u2019une grossesse non d\u00e9sir\u00e9e, je d\u00e9cide de prendre cette pilule. <br>Les semaines suivantes sont un simple calvaire&nbsp;: maux de t\u00eate, seins gonfl\u00e9s, troubles de l\u2019humeur, troubles digestifs, mycoses vaginales \u2026 Je l\u00e2che alors ce contraceptif et reprends le cours de ma vie.<\/p>\n\n\n\n<p class=\"has-text-align-center has-medium-font-size\">Quelques ann\u00e9es plus tard, partageant ma vie avec quelqu\u2019un, je me dirige vers la gyn\u00e9cologue familiale qui me prescrit une nouvelle pilule que je prends alors deux ann\u00e9es subissant au quotidien une poitrine gonfl\u00e9e et douloureuse ainsi que des tendances \u00e0 la d\u00e9prime et de l&rsquo;anxi\u00e9t\u00e9.<br>Je me r\u00e9signe \u00e0 vivre cet inconfort, \u00ab\u00a0c&rsquo;est \u00e7a \u00eatre une femme\u00a0\u00bb, cette petite rengaine int\u00e9rieure me fait croire que c&rsquo;est normal.<\/p>\n\n\n\n<p class=\"has-text-align-center has-medium-font-size\"><br>Au bout de deux ans, alors que je d\u00e9cide de mettre de c\u00f4t\u00e9 cette pilule, je d\u00e9clenche une maladie auto-immune hormonale. S\u2019en suit des ann\u00e9es de traitements allopathiques pour tenter de r\u00e9guler mes hormones avec son lot d\u2019effets secondaires d\u00e9l\u00e9t\u00e8res. <br>Face \u00e0 tant de mal \u00eatre quotidien et d\u2019une impasse de la m\u00e9decine moderne concernant mon cas, je d\u00e9cide de consulter d\u2019autres professionnel\u00b7les : je d\u00e9couvre les qualit\u00e9s de l\u2019hom\u00e9opathie, de l\u2019acuponcture, de l\u2019osth\u00e9opathie, du yoga et de la naturopathie. <br>Je modifie mon alimentation, mon rythme de vie, je d\u00e9bute une psychoth\u00e9rapie, mais le chemin est encore long.<br><br>Je suis alors \u00e9ducatrice de jeunes enfants et je travaille depuis quelques ann\u00e9es en cr\u00e8che. <br>Mes probl\u00e8mes hormonaux fluctuent et m\u2019\u00e9puisent. Je vis depuis plus d\u20191 an sans r\u00e8gles, mon cycle menstruel s\u2019est arr\u00eat\u00e9 sans qu\u2019aucun m\u00e9decin ne puisse en expliquer la cause. Je fais des analyses approfondies, des \u00e9chographies&nbsp;: je ne suis pas en m\u00e9nopause pr\u00e9coce mais en am\u00e9norrh\u00e9e longue dur\u00e9e, sans raisons physiologiques apparente. Je comprendrai plus tard que j&rsquo;\u00e9tais en am\u00e9norrh\u00e9e hypotalamique. J&rsquo;ai la sensation que mes hormones sont \u00ab&nbsp;\u00e0 l\u2019arr\u00eat&nbsp;\u00bb, je me sens d\u00e9connect\u00e9e de mon corps et de mes capacit\u00e9s. Je v\u00e9g\u00e8te.<\/p>\n\n\n\n<p class=\"has-text-align-center has-medium-font-size\">Un soir de mai, mes recherches approfondies quotidiennes me conduisent vers une page internet consacr\u00e9e \u00e0 la symptothermie. Je d\u00e9couvre ce mot et d\u00e9vore des pages et des pages de t\u00e9moignages. Je viens de trouver ce que je cherchais depuis longtemps.<br>Je me lance, bien accompagn\u00e9e par une conseill\u00e8re, dans la d\u00e9couverte de mon cycle a priori inexistant. Les premi\u00e8res semaines sont rudes, mon attention est focalis\u00e9e sur le moindre signe de fertilit\u00e9 de mon corps \u2026 il ne se passe rien, ma temp\u00e9rature reste basse et je ne discerne rien. Petit \u00e0 petit, la conscience pos\u00e9e sur mon cycle, des soins \u00e9nerg\u00e9tiques de l&rsquo;ut\u00e9rus et des s\u00e9ances hebdomadaires en acuponcture r\u00e9veillent mes hormones endormies. <br>Je re-d\u00e9couvre de nouveau un corps en vie, des hormones en activit\u00e9 et la reprise ovulatoire.<\/p>\n\n\n\n<p class=\"has-text-align-center has-medium-font-size\">Au fil des mois et des ann\u00e9es, mon cycle s\u2019est r\u00e9gul\u00e9 de lui m\u00eame, par la prise r\u00e9guli\u00e8re de plantes et par une alimentation plus adapt\u00e9e \u00e0 mon m\u00e9tabolisme. <br>Apr\u00e8s des ann\u00e9es de pratique symptothermique, chaque ovulation reste un v\u00e9ritable cadeau. <br>Je d\u00e9couvre aussi que la grande sensibilit\u00e9 qui me caract\u00e9rise a un impact sur mon cycle qui se d\u00e9r\u00e8gle tr\u00e8s rapidement au moindre mouvement intense de vie. En bref, la sant\u00e9 de mon cycle menstruel devient une de mes boussoles int\u00e9rieures.<br><br>En 2020, j\u2019ai l\u2019\u00e9lan de quitter mon travail et la ville dans laquelle je vivais jusqu\u2019alors. Je d\u00e9cide de partir vivre \u00e0 la campagne, plus proche de projets qui font sens pour moi. Je d\u00e9cide de me former pour devenir conseill\u00e8re en gestion naturelle de la fertilit\u00e9 et d\u00e9bute une formation avec Claire Michellin, qui se termine en 2022. Je suis depuis honor\u00e9e de pouvoir accompagner \u00e0 mon tour des femmes et des personnes menstru\u00e9es dans la d\u00e9couverte de leurs corps, de leurs cycles, du pouvoir de leurs hormones.<br><br><\/p>\n","protected":false},"excerpt":{"rendered":"<p>\u00c0 18 ans, lors d\u2019un rendez vous de routine m\u00e9dical, un m\u00e9decin me tend une ordonnance pour une pilule contraceptive alors m\u00eame que je n\u2019en avais pas fait la demande. Inscrite en moi l\u2019inqui\u00e9tude d\u2019une grossesse non d\u00e9sir\u00e9e, je d\u00e9cide &hellip; <\/p>\n","protected":false},"author":2,"featured_media":0,"parent":0,"menu_order":40,"comment_status":"closed","ping_status":"closed","template":"","meta":{"footnotes":""},"class_list":["post-99","page","type-page","status-publish","hentry"],"_links":{"self":[{"href":"https:\/\/manon-mulliez.fr\/index.php\/wp-json\/wp\/v2\/pages\/99","targetHints":{"allow":["GET"]}}],"collection":[{"href":"https:\/\/manon-mulliez.fr\/index.php\/wp-json\/wp\/v2\/pages"}],"about":[{"href":"https:\/\/manon-mulliez.fr\/index.php\/wp-json\/wp\/v2\/types\/page"}],"author":[{"embeddable":true,"href":"https:\/\/manon-mulliez.fr\/index.php\/wp-json\/wp\/v2\/users\/2"}],"replies":[{"embeddable":true,"href":"https:\/\/manon-mulliez.fr\/index.php\/wp-json\/wp\/v2\/comments?post=99"}],"version-history":[{"count":21,"href":"https:\/\/manon-mulliez.fr\/index.php\/wp-json\/wp\/v2\/pages\/99\/revisions"}],"predecessor-version":[{"id":490,"href":"https:\/\/manon-mulliez.fr\/index.php\/wp-json\/wp\/v2\/pages\/99\/revisions\/490"}],"wp:attachment":[{"href":"https:\/\/manon-mulliez.fr\/index.php\/wp-json\/wp\/v2\/media?parent=99"}],"curies":[{"name":"wp","href":"https:\/\/api.w.org\/{rel}","templated":true}]}}